{"id":6135,"date":"2021-09-28T19:16:03","date_gmt":"2021-09-28T17:16:03","guid":{"rendered":"https:\/\/metamorfica.info\/?page_id=6135"},"modified":"2025-01-21T14:39:10","modified_gmt":"2025-01-21T13:39:10","slug":"libros","status":"publish","type":"page","link":"https:\/\/metamorfica.info\/index.php\/libros\/","title":{"rendered":"Libros"},"content":{"rendered":"<div class=\"n2_clear\"><ss3-force-full-width data-overflow-x=\"body\" data-horizontal-selector=\"body\"><div class=\"n2-section-smartslider fitvidsignore  n2_clear\" data-ssid=\"46\"><div id=\"n2-ss-46-align\" class=\"n2-ss-align\"><div class=\"n2-padding\"><div id=\"n2-ss-46\" data-creator=\"Smart Slider 3\" data-responsive=\"fullwidth\" class=\"n2-ss-slider n2-ow n2-has-hover n2notransition  \">\n        <div class=\"n2-ss-slider-1 n2-ow\">\n            <div class=\"n2-ss-slider-2 n2-ow\">\n                <div class=\"n2-ss-slide-backgrounds n2-ow-all\"><div class=\"n2-ss-slide-background\" data-public-id=\"1\" data-mode=\"fill\"><div data-color=\"RGBA(126,197,112,1)\" style=\"background-color: RGBA(126,197,112,1);\" class=\"n2-ss-slide-background-color\"><\/div><\/div><\/div>                <div class=\"n2-ss-slider-3 n2-ow\">\n                    <svg xmlns=\"http:\/\/www.w3.org\/2000\/svg\" viewBox=\"0 0 1200 600\" data-related-device=\"desktopPortrait\" class=\"n2-ow n2-ss-preserve-size n2-ss-preserve-size--slider n2-ss-slide-limiter\"><\/svg><div data-first=\"1\" data-slide-duration=\"0\" data-id=\"90\" data-slide-public-id=\"1\" data-title=\"Slide\" class=\"n2-ss-slide n2-ow  n2-ss-slide-90\"><div role=\"note\" class=\"n2-ss-slide--focus\" tabindex=\"-1\">Slide<\/div><div class=\"n2-ss-layers-container n2-ss-slide-limiter n2-ow\"><div class=\"n2-ss-layer n2-ow n-uc-kdF51TIEIYqQ\" data-sstype=\"slide\" data-pm=\"default\"><div class=\"n2-ss-layer n2-ow n-uc-hgLqDPGlvEBh\" data-pm=\"default\" data-sstype=\"content\" data-hasbackground=\"0\"><div class=\"n2-ss-section-main-content n2-ss-layer-with-background n2-ss-layer-content n2-ow n-uc-hgLqDPGlvEBh-inner\"><div class=\"n2-ss-layer n2-ow n-uc-bF9olL0CIrcw\" data-pm=\"normal\" data-sstype=\"layer\"><div id=\"n2-ss-46item1\" class=\"n2-font-577e3e94d392c80545fffaf7623e9404-hover   n2-ss-item-content n2-ss-text n2-ow\" style=\"display:block;\">Estos son algunos de los textos que <br>han inspirado la filosof\u00eda y las bases metodol\u00f3gicas de METAM\u00d3RFICA <\/div><\/div><div class=\"n2-ss-layer n2-ow n-uc-1661d39868d10\" data-pm=\"normal\" data-sstype=\"layer\"><div class=\"n2-ss-item-content n2-ss-text n2-ow-all\"><div class=\"\"><p class=\"n2-font-b870ccf548622567991ac70cdd481482-paragraph   \">EN LA ESPIRAL DE LA ENERG\u00cdA.<br \/>\nRam\u00f3n Fern\u00e1ndez Dur\u00e1n y Luis Gonz\u00e1lez Reyes<\/p>\n<p class=\"n2-font-b870ccf548622567991ac70cdd481482-paragraph   \">Apasionante viaje por la historia de la humanidad, llevando como hilo conductor el uso que \u00e9sta ha tenido de la energ\u00eda y c\u00f3mo de ello ha derivado en el momento de Crisis Clim\u00e1tica en el que nos encontramos. Obra extensa (dos vol\u00famenes) que no s\u00f3lo habla del pasado, sino tambi\u00e9n del presente y del futuro que nos aguarda si no decidimos hacer las cosas de forma diferente a lo que parece que es la tendencia.<\/p>\n<\/div><\/div><\/div><div class=\"n2-ss-layer n2-ow n-uc-lY3WMTZ7ca4T\" data-pm=\"normal\" data-sstype=\"layer\"><div class=\" n2-ss-item-image-content n2-ss-item-content n2-ow-all\"><img loading=\"lazy\" decoding=\"async\" id=\"n2-ss-46item3\" alt=\"\" class=\"skip-lazy\" width=\"418\" height=\"300\" data-skip-lazy=\"1\" src=\"\/\/metamorfica.info\/wp-content\/uploads\/2021\/09\/en-la-espiral-de-la-energia.jpeg\" \/><\/div><\/div><div class=\"n2-ss-layer n2-ow n-uc-1d2ac1630a721\" data-pm=\"normal\" data-sstype=\"layer\"><div class=\"n2-ss-item-content n2-ss-text n2-ow-all\"><div class=\"\"><p class=\"n2-font-b870ccf548622567991ac70cdd481482-paragraph   \">INSATISFICCI\u00d3N<br \/>\nOscar Fajardo Rodr\u00edguez<\/p>\n<p class=\"n2-font-b870ccf548622567991ac70cdd481482-paragraph   \">Una descripci\u00f3n con m\u00faltiples ejemplos documentados del alto grado de insatisfacci\u00f3n  que padece el <i>H.sapiens<\/i> debido a la primac\u00eda de determinados valores sociales. Relata  c\u00f3mo todo el sistema de marketing se ha estructurado en torno a \u00e9sto, creando un mercado de necesidades ficticias, en vez de crear un mercado que satisfaga las necesidades reales. Esta \u00faltima opci\u00f3n no ser\u00eda rentable, pues la \u00abnecesidad\u00bb de crecimiento constante de nuestra econom\u00eda necesita, precisamente, de la creaci\u00f3n de nuevas insatisficciones. <\/p>\n<\/div><\/div><\/div><div class=\"n2-ss-layer n2-ow n-uc-1fb2188b20735\" data-pm=\"normal\" data-sstype=\"layer\"><div class=\" n2-ss-item-image-content n2-ss-item-content n2-ow-all\"><img loading=\"lazy\" decoding=\"async\" id=\"n2-ss-46item5\" alt=\"\" class=\"skip-lazy\" width=\"226\" height=\"333\" data-skip-lazy=\"1\" src=\"\/\/metamorfica.info\/wp-content\/uploads\/2025\/01\/insatisficcion.jpg\" \/><\/div><\/div><div class=\"n2-ss-layer n2-ow n-uc-1718f43be6f1a\" data-pm=\"normal\" data-sstype=\"layer\"><div class=\"n2-ss-item-content n2-ss-text n2-ow-all\"><div class=\"\"><p class=\"n2-font-b870ccf548622567991ac70cdd481482-paragraph   \">CONTRA LA SOSTENIBILIDAD<br \/>\nAndreu Escriv\u00e1<\/p>\n<p class=\"n2-font-b870ccf548622567991ac70cdd481482-paragraph   \">Un ensayo cr\u00edtico y mordaz hacia el concepto manipulado de la sostenibilidad.  Ejemplifica c\u00f3mo ha sido adoptado por la industria y los lobis para mantener su <i>statu quo<\/i> y anexionarse un nuevo nicho de mercado; el de los consumidores responsables.<\/p>\n<\/div><\/div><\/div><div class=\"n2-ss-layer n2-ow n-uc-17d9961cde696\" data-pm=\"normal\" data-sstype=\"layer\"><div class=\" n2-ss-item-image-content n2-ss-item-content n2-ow-all\"><img loading=\"lazy\" decoding=\"async\" id=\"n2-ss-46item7\" alt=\"\" class=\"skip-lazy\" width=\"807\" height=\"1181\" data-skip-lazy=\"1\" src=\"\/\/metamorfica.info\/wp-content\/uploads\/2025\/01\/Contralasostenibilidad_3ed.png\" \/><\/div><\/div><div class=\"n2-ss-layer n2-ow n-uc-oSzVjHMCYDiA\" data-pm=\"normal\" data-sstype=\"layer\"><div class=\"n2-ss-item-content n2-ss-text n2-ow-all\"><div class=\"\"><p class=\"n2-font-b870ccf548622567991ac70cdd481482-paragraph   \">ENGANCHADOS A LA CARNE.<br \/>\n Marta Zaraska.<\/p>\n<p class=\"n2-font-b870ccf548622567991ac70cdd481482-paragraph   \">Pese a saber que la industria c\u00e1rnica es de las m\u00e1s da\u00f1inas para el medio ambiente y que el consumo de carne habitual es poco saludable&#8230; \u00bfc\u00f3mo es posible que sea el alimento m\u00e1s consumido? En este libro de divulgaci\u00f3n cient\u00edfica podemos adentrarnos en los or\u00edgenes c\u00e1rnicos del ser humano y comprender un poco m\u00e1s \u00e9sta adicci\u00f3n.<\/p>\n<\/div><\/div><\/div><div class=\"n2-ss-layer n2-ow n-uc-200OF2yqgCLn\" data-pm=\"normal\" data-sstype=\"layer\"><div class=\" n2-ss-item-image-content n2-ss-item-content n2-ow-all\"><img loading=\"lazy\" decoding=\"async\" id=\"n2-ss-46item9\" alt=\"\" class=\"skip-lazy\" width=\"229\" height=\"321\" data-skip-lazy=\"1\" src=\"\/\/metamorfica.info\/wp-content\/uploads\/2021\/09\/enganchados-a-la-carne.jpg\" \/><\/div><\/div><div class=\"n2-ss-layer n2-ow n-uc-XOHiwGjKRzLK\" data-pm=\"normal\" data-sstype=\"layer\"><div class=\"n2-ss-item-content n2-ss-text n2-ow-all\"><div class=\"\"><p class=\"n2-font-b870ccf548622567991ac70cdd481482-paragraph   \">CARRO DE COMBATE. Consumir es un acto pol\u00edtico.<br \/>\nNazaret Castro y Laura Villadiego.<\/p>\n<p class=\"n2-font-b870ccf548622567991ac70cdd481482-paragraph   \">Una extensa recopilaci\u00f3n de informes period\u00edsticos sobre qu\u00e9 hay detr\u00e1s de los productos que consumimos y c\u00f3mo afectan a nuestra salud y a la del planeta.<\/p>\n<\/div><\/div><\/div><div class=\"n2-ss-layer n2-ow n-uc-kh9e7OenCEkX\" data-pm=\"normal\" data-sstype=\"layer\"><div class=\" n2-ss-item-image-content n2-ss-item-content n2-ow-all\"><img loading=\"lazy\" decoding=\"async\" id=\"n2-ss-46item11\" alt=\"\" class=\"skip-lazy\" width=\"600\" height=\"600\" data-skip-lazy=\"1\" src=\"\/\/metamorfica.info\/wp-content\/uploads\/2021\/09\/carro-de-combate.jpg\" \/><\/div><\/div><div class=\"n2-ss-layer n2-ow n-uc-A2abEf7oCFzt\" data-pm=\"normal\" data-sstype=\"layer\"><\/div><div class=\"n2-ss-layer n2-ow n-uc-j6SISm8Z7EaV\" data-pm=\"normal\" data-sstype=\"layer\"><div class=\"n2-ss-item-content n2-ss-text n2-ow-all\"><div class=\"\"><p class=\"n2-font-b870ccf548622567991ac70cdd481482-paragraph   \">LA ESTRUCTURA DE LAS REVOLUCIONES CIENT\u00cdFICAS.<br \/>\nThomas S.Kuhn.<\/p>\n<p class=\"n2-font-b870ccf548622567991ac70cdd481482-paragraph   \">Un intenso recorrido por la historia de la ciencia, o por las historias que fueron formando la ciencia actual. C\u00f3mo unas formas de pensamiento fueron desplazando a otras y c\u00f3mo el m\u00e9todo cient\u00edfico nos ha llevado muy lejos&#8230; pero controlando demasiadas variables en algunos casos. Una obra para reflexionar sobre c\u00f3mo hemos organizado las directrices de la ciencia y si actualmente han quedado obsoletas.<\/p>\n<\/div><\/div><\/div><div class=\"n2-ss-layer n2-ow n-uc-x4eaYHhvauuM\" data-pm=\"normal\" data-sstype=\"layer\"><div class=\" n2-ss-item-image-content n2-ss-item-content n2-ow-all\"><img loading=\"lazy\" decoding=\"async\" id=\"n2-ss-46item14\" alt=\"\" class=\"skip-lazy\" width=\"208\" height=\"320\" data-skip-lazy=\"1\" src=\"\/\/metamorfica.info\/wp-content\/uploads\/2021\/09\/la-estructura-de-las-revoluciones-cientificas.jpg\" \/><\/div><\/div><div class=\"n2-ss-layer n2-ow n-uc-VXlaHFTRxkr1\" data-pm=\"normal\" data-sstype=\"layer\"><div class=\"n2-ss-item-content n2-ss-text n2-ow-all\"><div class=\"\"><p class=\"n2-font-b870ccf548622567991ac70cdd481482-paragraph   \">LA CARNE QUE COMEMOS.<br \/>\nPhilip Lymery.<\/p>\n<p class=\"n2-font-b870ccf548622567991ac70cdd481482-paragraph   \">Un libro lleno de datos y porcentajes que pone luz sobre la situaci\u00f3n de la industria ganadera y c\u00f3mo afecta al planeta. Tambi\u00e9n expone el maltrato animal previo a los pedazos de carne que consumimos ya empaquetados y con buena apariencia. Una imprescindible reflexi\u00f3n para hacer las cosas de otro modo y contribuir a que los animales destinados al consumo humano tengan una vida digna.<\/p>\n<\/div><\/div><\/div><div class=\"n2-ss-layer n2-ow n-uc-t8Lkpo259weN\" data-pm=\"normal\" data-sstype=\"layer\"><div class=\" n2-ss-item-image-content n2-ss-item-content n2-ow-all\"><img loading=\"lazy\" decoding=\"async\" id=\"n2-ss-46item16\" alt=\"\" class=\"skip-lazy\" width=\"260\" height=\"306\" data-skip-lazy=\"1\" src=\"\/\/metamorfica.info\/wp-content\/uploads\/2021\/09\/la-carne-que-comemos.jpg\" \/><\/div><\/div><div class=\"n2-ss-layer n2-ow n-uc-LCSzPWaGHWBd\" data-pm=\"normal\" data-sstype=\"layer\"><div class=\"n2-ss-item-content n2-ss-text n2-ow-all\"><div class=\"\"><p class=\"n2-font-b870ccf548622567991ac70cdd481482-paragraph   \">ADAPTARSE A LA MAREA.<br \/>\nEduardo Punset.<\/p>\n<p class=\"n2-font-b870ccf548622567991ac70cdd481482-paragraph   \">Sencillo y conciso libro que expone c\u00f3mo deber\u00edan funcionar las futuras empresas para adaptarse a la nueva situaci\u00f3n econ\u00f3mico-social y ambiental que se viene. Todas aquellas que empiecen a adaptarse tendr\u00e1n \u00e9xito, mientras que iremos viendo c\u00f3mo las corporaciones guiadas por viejos paradigmas van desapareciendo.<\/p>\n<\/div><\/div><\/div><div class=\"n2-ss-layer n2-ow n-uc-34H2kJoIRgef\" data-pm=\"normal\" data-sstype=\"layer\"><div class=\" n2-ss-item-image-content n2-ss-item-content n2-ow-all\"><img loading=\"lazy\" decoding=\"async\" id=\"n2-ss-46item18\" alt=\"\" class=\"skip-lazy\" width=\"226\" height=\"320\" data-skip-lazy=\"1\" src=\"\/\/metamorfica.info\/wp-content\/uploads\/2021\/09\/adaptarse-a-la-marea.jpg\" \/><\/div><\/div><div class=\"n2-ss-layer n2-ow n-uc-Jo8vrH24pkd6\" data-pm=\"normal\" data-sstype=\"layer\"><div class=\"n2-ss-item-content n2-ss-text n2-ow-all\"><div class=\"\"><p class=\"n2-font-b870ccf548622567991ac70cdd481482-paragraph   \">VIVIR SIN PL\u00c1STICO.<br \/>\nPatricia Reina Torresano y Fernando G\u00f3mez Soria.<\/p>\n<p class=\"n2-font-b870ccf548622567991ac70cdd481482-paragraph   \">Miles de ideas y trucos f\u00e1ciles para el d\u00eda a d\u00eda en pos de lograr una gran reducci\u00f3n de basura pl\u00e1stica a niveles sorprendentes. Aportan informaci\u00f3n sobre la historia del pl\u00e1stico y c\u00f3mo y por qu\u00e9 ha llegado a ser el embalaje por excelencia. Su blog no tiene desperdicio, ni tampoco su Instagram.<\/p>\n<\/div><\/div><\/div><div class=\"n2-ss-layer n2-ow n-uc-BcSBqkYEmdDS\" data-pm=\"normal\" data-sstype=\"layer\"><div class=\" n2-ss-item-image-content n2-ss-item-content n2-ow-all\"><img loading=\"lazy\" decoding=\"async\" id=\"n2-ss-46item20\" alt=\"\" class=\"skip-lazy\" width=\"218\" height=\"300\" data-skip-lazy=\"1\" src=\"\/\/metamorfica.info\/wp-content\/uploads\/2021\/09\/vivir-sin-plastico-201902041719-218x300-1.jpg\" \/><\/div><\/div><div class=\"n2-ss-layer n2-ow n-uc-mWX7GtbB4NRv\" data-pm=\"normal\" data-sstype=\"layer\"><div class=\"n2-ss-item-content n2-ss-text n2-ow-all\"><div class=\"\"><p class=\"n2-font-b870ccf548622567991ac70cdd481482-paragraph   \">OTRA MANERA DE VIVIR.<br \/>\nJane Goodall.<\/p>\n<p class=\"n2-font-b870ccf548622567991ac70cdd481482-paragraph   \">Ya hace muchos a\u00f1os, cuando este libro se edit\u00f3, Jane compart\u00eda c\u00f3mo vivir consumiendo de otra manera es posible. Para ello fue de las primeras en revelar datos sobre la pesca, los pesticidas y la agricultura que nos animan a cambiar peque\u00f1os h\u00e1bitos diarios de alimentaci\u00f3n y de consumo. Un mensaje siempre esperanzador y empoderador.<\/p>\n<\/div><\/div><\/div><div class=\"n2-ss-layer n2-ow n-uc-lFfVweSuxzkA\" data-pm=\"normal\" data-sstype=\"layer\"><div class=\" n2-ss-item-image-content n2-ss-item-content n2-ow-all\"><img loading=\"lazy\" decoding=\"async\" id=\"n2-ss-46item22\" alt=\"\" class=\"skip-lazy\" width=\"528\" height=\"801\" data-skip-lazy=\"1\" src=\"\/\/metamorfica.info\/wp-content\/uploads\/2021\/09\/Otra-manera-de-vivir1.jpg\" \/><\/div><\/div><div class=\"n2-ss-layer n2-ow n-uc-nXpc2oEyvO3l\" data-pm=\"normal\" data-sstype=\"layer\"><div class=\"n2-ss-item-content n2-ss-text n2-ow-all\"><div class=\"\"><p class=\"n2-font-b870ccf548622567991ac70cdd481482-paragraph   \">ECOFEMINISMO.<br \/>\nMaria Mies y Vandana Shiva.<\/p>\n<p class=\"n2-font-b870ccf548622567991ac70cdd481482-paragraph   \">Yayo Herrero abre el pr\u00f3logo del libro hacia una mirada diferente del problema ambiental y de las sociedades humanas. Estas dos grandes mujeres activistas, relatan ejemplos de c\u00f3mo una visi\u00f3n de temor hacia la Naturaleza, hacia la creaci\u00f3n de la Vida, ha sido extrapolada por las sociedades hacia un temor a la mujer. Igual que se ha querido dominar a la Naturaleza, se ha querido dominar a la mujer. Comprender de d\u00f3nde surgen en la raza humana estos miedos y acabar con los sistemas que mantienen ese miedo es la soluci\u00f3n que proponen para empezar a salir de la crisis clim\u00e1tica.<\/p>\n<\/div><\/div><\/div><div class=\"n2-ss-layer n2-ow n-uc-nMLmxRc7zJSC\" data-pm=\"normal\" data-sstype=\"layer\"><div class=\" n2-ss-item-image-content n2-ss-item-content n2-ow-all\"><img loading=\"lazy\" decoding=\"async\" id=\"n2-ss-46item24\" alt=\"\" class=\"skip-lazy\" width=\"300\" height=\"464\" data-skip-lazy=\"1\" src=\"\/\/metamorfica.info\/wp-content\/uploads\/2021\/09\/ecofeminismo.jpg\" \/><\/div><\/div><div class=\"n2-ss-layer n2-ow n-uc-dkaRjxP0F3tk\" data-pm=\"normal\" data-sstype=\"layer\"><div class=\"n2-ss-item-content n2-ss-text n2-ow-all\"><div class=\"\"><p class=\"n2-font-b870ccf548622567991ac70cdd481482-paragraph   \">UNA BREVE HISTORIA DE CASI TODO.<br \/>\nBill Bryson.<\/p>\n<p class=\"n2-font-b870ccf548622567991ac70cdd481482-paragraph   \">Me lo regal\u00f3 mi hermana hace muchos a\u00f1os. Y aunque estaba estudiando la carrera de Ciencias Ambientales, este libro me explic\u00f3 muchas cosas de las que nunca antes me hab\u00eda planteado los por qu\u00e9s. Es una visi\u00f3n hol\u00edstica de la ciencia, toca todos los palos y los interrelaciona. Un regalo para los que queremos saber c\u00f3mo funciona todo.<\/p>\n<\/div><\/div><\/div><div class=\"n2-ss-layer n2-ow n-uc-CSJKBsWiC3Iw\" data-pm=\"normal\" data-sstype=\"layer\"><div class=\" n2-ss-item-image-content n2-ss-item-content n2-ow-all\"><img loading=\"lazy\" decoding=\"async\" id=\"n2-ss-46item26\" alt=\"\" class=\"skip-lazy\" width=\"474\" height=\"714\" data-skip-lazy=\"1\" src=\"\/\/metamorfica.info\/wp-content\/uploads\/2021\/09\/UNA-BREVE-HISTORIA-DE-CASI-TODO.jpeg\" \/><\/div><\/div><div class=\"n2-ss-layer n2-ow n-uc-1a038ef33772d\" data-pm=\"normal\" data-sstype=\"layer\"><div class=\"n2-ss-item-content n2-ss-text n2-ow-all\"><div class=\"\"><p class=\"n2-font-b870ccf548622567991ac70cdd481482-paragraph   \">EL CLIMA<br \/>\nManuel TOharia.<\/p>\n<p class=\"n2-font-b870ccf548622567991ac70cdd481482-paragraph   \">\u00c9ste f\u00edsico y periodista hace un recorrido por las cuestiones fundamentales y cr\u00edticas que trae aparejado el cambio clim\u00e1tico actual. SI bien el libro ya tiene unos a\u00f1os hay escenarios que no han pasado de moda ni reflexiones a tener en cuenta.<\/p>\n<\/div><\/div><\/div><div class=\"n2-ss-layer n2-ow n-uc-tPtyntQjnzUC\" data-pm=\"normal\" data-sstype=\"layer\"><\/div><div class=\"n2-ss-layer n2-ow n-uc-5Gu3jJJwkccs\" data-pm=\"normal\" data-sstype=\"layer\"><\/div><div class=\"n2-ss-layer n2-ow n2-ss-layer--block n2-ss-has-self-align n-uc-1367d06f02321\" data-pm=\"normal\" data-hidemobileportrait=\"1\" data-sstype=\"row\"><div class=\"n2-ss-layer-row n2-ss-layer-with-background n-uc-1367d06f02321-inner\"><div class=\"n2-ss-layer-row-inner \"><div class=\"n2-ss-layer n2-ow n-uc-170998659bba2\" data-pm=\"default\" data-sstype=\"col\"><div class=\"n2-ss-layer-col n2-ss-layer-with-background n2-ss-layer-content n-uc-170998659bba2-inner\"><\/div><\/div><\/div><\/div><\/div><div class=\"n2-ss-layer n2-ow n-uc-sxKVBLfldGyF\" data-pm=\"normal\" data-sstype=\"layer\"><\/div><div class=\"n2-ss-layer n2-ow n-uc-1d562236b984b\" data-pm=\"normal\" data-sstype=\"layer\"><div class=\" n2-ss-item-image-content n2-ss-item-content n2-ow-all\"><img loading=\"lazy\" decoding=\"async\" id=\"n2-ss-46item31\" alt=\"\" class=\"skip-lazy\" width=\"800\" height=\"1216\" data-skip-lazy=\"1\" src=\"\/\/metamorfica.info\/wp-content\/uploads\/2025\/01\/el-clima.jpg\" \/><\/div><\/div><div class=\"n2-ss-layer n2-ow n-uc-1b0c0138daa38\" data-pm=\"normal\" data-sstype=\"layer\"><div class=\"n2-ss-item-content n2-ss-text n2-ow-all\"><div class=\"\"><p class=\"n2-font-b870ccf548622567991ac70cdd481482-paragraph   \">OR\u00cdGENES<br \/>\nLEWIS Dartnell.<\/p>\n<p class=\"n2-font-b870ccf548622567991ac70cdd481482-paragraph   \">Un repaso hist\u00f3rico por la geolog\u00eda de la tierra y c\u00f3mo estos escenarios f\u00edsicos han determinado las elecciones del <i>Homo sapiens<\/i> y la formaci\u00f3n de sus sociedades. Ahora, ante un nuevo cambio f\u00edsico, tambi\u00e9n es l\u00f3gico pensar que nuestras sociedades volver\u00e1n a cambiar.<\/p>\n<\/div><\/div><\/div><div class=\"n2-ss-layer n2-ow n-uc-18598cbf82bbe\" data-pm=\"normal\" data-sstype=\"layer\"><div class=\" n2-ss-item-image-content n2-ss-item-content n2-ow-all\"><img loading=\"lazy\" decoding=\"async\" id=\"n2-ss-46item33\" alt=\"\" class=\"skip-lazy\" width=\"650\" height=\"982\" data-skip-lazy=\"1\" src=\"\/\/metamorfica.info\/wp-content\/uploads\/2025\/01\/origenes.jpg\" \/><\/div><\/div><div class=\"n2-ss-layer n2-ow n-uc-13bcd2414ed37\" data-pm=\"normal\" data-sstype=\"layer\"><div class=\"n2-ss-item-content n2-ss-text n2-ow-all\"><div class=\"\"><p class=\"n2-font-b870ccf548622567991ac70cdd481482-paragraph   \">PRIMAVERA SILENCIOSA<br \/>\nRachel Carson.<\/p>\n<p class=\"n2-font-b870ccf548622567991ac70cdd481482-paragraph   \">Un cl\u00e1sico de 1962 donde se realiza una cr\u00edtica feroz  a la industria de los pesticidas. El discurso ecolog\u00edsta de los a\u00f1os 70 tuvo como gran referente toda la informaci\u00f3n sacada de esta obra.<\/p>\n<\/div><\/div><\/div><div class=\"n2-ss-layer n2-ow n-uc-1457fb6f2e2df\" data-pm=\"normal\" data-sstype=\"layer\"><div class=\" n2-ss-item-image-content n2-ss-item-content n2-ow-all\"><img loading=\"lazy\" decoding=\"async\" id=\"n2-ss-46item35\" alt=\"\" class=\"skip-lazy\" width=\"474\" height=\"632\" data-skip-lazy=\"1\" src=\"\/\/metamorfica.info\/wp-content\/uploads\/2025\/01\/primavera-silenciosa.jpeg\" \/><\/div><\/div><div class=\"n2-ss-layer n2-ow n-uc-1031908fdd162\" data-pm=\"normal\" data-sstype=\"layer\"><div class=\"n2-ss-item-content n2-ss-text n2-ow-all\"><div class=\"\"><p class=\"n2-font-b870ccf548622567991ac70cdd481482-paragraph   \">COLAPSO<br \/>\nJared Diamond.<\/p>\n<p class=\"n2-font-b870ccf548622567991ac70cdd481482-paragraph   \">Un repaso hist\u00f3rico por las civilizaciones que habitaron el planeta y que han ido desapareciendo. Un gran texto para entender los l\u00edmites planetarios y como su rebosamiento repercute directamente en la estructura y supervivencia de las civilizaciones.<\/p>\n<\/div><\/div><\/div><div class=\"n2-ss-layer n2-ow n-uc-1460244bd2c2c\" data-pm=\"normal\" data-sstype=\"layer\"><div class=\" n2-ss-item-image-content n2-ss-item-content n2-ow-all\"><img loading=\"lazy\" decoding=\"async\" id=\"n2-ss-46item37\" alt=\"\" class=\"skip-lazy\" width=\"229\" height=\"348\" data-skip-lazy=\"1\" src=\"\/\/metamorfica.info\/wp-content\/uploads\/2025\/01\/colapso.jpeg\" \/><\/div><\/div><div class=\"n2-ss-layer n2-ow n-uc-1b3a5a8395ac1\" data-pm=\"normal\" data-sstype=\"layer\"><div class=\"n2-ss-item-content n2-ss-text n2-ow-all\"><div class=\"\"><p class=\"n2-font-b870ccf548622567991ac70cdd481482-paragraph   \">LA DOCTRINA DEL SHOCK<br \/>\nNaomi Klein.<\/p>\n<p class=\"n2-font-b870ccf548622567991ac70cdd481482-paragraph   \">Una demostraci\u00f3n de c\u00f3mo el capitalismo emplea la violencia y el terrorismo contra el individuo y la sociedad, aprovech\u00e1ndose de las crisis para introducir medidas de choque econ\u00f3mico en contra de las libertades p\u00fablicas.<\/p>\n<\/div><\/div><\/div><div class=\"n2-ss-layer n2-ow n-uc-1d15187048f98\" data-pm=\"normal\" data-sstype=\"layer\"><div class=\" n2-ss-item-image-content n2-ss-item-content n2-ow-all\"><img loading=\"lazy\" decoding=\"async\" id=\"n2-ss-46item39\" alt=\"\" class=\"skip-lazy\" width=\"552\" height=\"839\" data-skip-lazy=\"1\" src=\"\/\/metamorfica.info\/wp-content\/uploads\/2025\/01\/la-doctrina-del-shock.jpg\" \/><\/div><\/div><div class=\"n2-ss-layer n2-ow n-uc-1bb0520ff5e6e\" data-pm=\"normal\" data-sstype=\"layer\"><div class=\"n2-ss-item-content n2-ss-text n2-ow-all\"><div class=\"\"><p class=\"n2-font-b870ccf548622567991ac70cdd481482-paragraph   \">CLAVES ECOFEMINISTAS<br \/>\nAlicia H. Puleo.<\/p>\n<p class=\"n2-font-b870ccf548622567991ac70cdd481482-paragraph   \">Una propuesta filos\u00f3fica al planteamiento del feminismo sobre la ecolog\u00eda. Una inmersi\u00f3n en la recapacitaci\u00f3n sobre qu\u00e9 tipo de feminismo es el que nos acerca a sociedades m\u00e1s justas y equitativas, rompiendo la tradicional visi\u00f3n de algunas formas de feminismo que s\u00f3lo se quedan en las capacidades de cuidado de las mujeres y lo extrapolan al movimiento ecologista.<\/p>\n<\/div><\/div><\/div><div class=\"n2-ss-layer n2-ow n-uc-16d63652b74ee\" data-pm=\"normal\" data-sstype=\"layer\"><div class=\" n2-ss-item-image-content n2-ss-item-content n2-ow-all\"><img loading=\"lazy\" decoding=\"async\" id=\"n2-ss-46item41\" alt=\"\" class=\"skip-lazy\" width=\"283\" height=\"420\" data-skip-lazy=\"1\" src=\"\/\/metamorfica.info\/wp-content\/uploads\/2025\/01\/claves-ecofeministas.jpg\" \/><\/div><\/div><\/div><\/div><\/div><\/div><\/div>                <\/div>\n                            <\/div>\n        <\/div>\n        <\/div><ss3-loader><\/ss3-loader><\/div><\/div><div class=\"n2_clear\"><\/div><\/div><\/ss3-force-full-width><\/div>","protected":false},"excerpt":{"rendered":"","protected":false},"author":2,"featured_media":0,"parent":0,"menu_order":0,"comment_status":"closed","ping_status":"closed","template":"","meta":{"_bbp_topic_count":0,"_bbp_reply_count":0,"_bbp_total_topic_count":0,"_bbp_total_reply_count":0,"_bbp_voice_count":0,"_bbp_anonymous_reply_count":0,"_bbp_topic_count_hidden":0,"_bbp_reply_count_hidden":0,"_bbp_forum_subforum_count":0,"footnotes":""},"class_list":["post-6135","page","type-page","status-publish","hentry"],"yoast_head":"<!-- This site is optimized with the Yoast SEO plugin v23.9 - https:\/\/yoast.com\/wordpress\/plugins\/seo\/ -->\n<title>Libros - Metam\u00f3rfica<\/title>\n<meta name=\"robots\" content=\"index, follow, max-snippet:-1, max-image-preview:large, max-video-preview:-1\" \/>\n<link rel=\"canonical\" href=\"https:\/\/metamorfica.info\/index.php\/libros\/\" \/>\n<meta property=\"og:locale\" content=\"es_ES\" \/>\n<meta property=\"og:type\" content=\"article\" \/>\n<meta property=\"og:title\" content=\"Libros - Metam\u00f3rfica\" \/>\n<meta property=\"og:url\" content=\"https:\/\/metamorfica.info\/index.php\/libros\/\" \/>\n<meta property=\"og:site_name\" content=\"Metam\u00f3rfica\" \/>\n<meta property=\"article:modified_time\" content=\"2025-01-21T13:39:10+00:00\" \/>\n<meta name=\"twitter:card\" content=\"summary_large_image\" \/>\n<meta name=\"twitter:site\" content=\"@Carolinametamorfica\" \/>\n<meta name=\"twitter:label1\" content=\"Tiempo de lectura\" \/>\n\t<meta name=\"twitter:data1\" content=\"1 minuto\" \/>\n<script type=\"application\/ld+json\" class=\"yoast-schema-graph\">{\"@context\":\"https:\/\/schema.org\",\"@graph\":[{\"@type\":\"WebPage\",\"@id\":\"https:\/\/metamorfica.info\/index.php\/libros\/\",\"url\":\"https:\/\/metamorfica.info\/index.php\/libros\/\",\"name\":\"Libros - Metam\u00f3rfica\",\"isPartOf\":{\"@id\":\"https:\/\/metamorfica.info\/#website\"},\"datePublished\":\"2021-09-28T17:16:03+00:00\",\"dateModified\":\"2025-01-21T13:39:10+00:00\",\"breadcrumb\":{\"@id\":\"https:\/\/metamorfica.info\/index.php\/libros\/#breadcrumb\"},\"inLanguage\":\"es\",\"potentialAction\":[{\"@type\":\"ReadAction\",\"target\":[\"https:\/\/metamorfica.info\/index.php\/libros\/\"]}]},{\"@type\":\"BreadcrumbList\",\"@id\":\"https:\/\/metamorfica.info\/index.php\/libros\/#breadcrumb\",\"itemListElement\":[{\"@type\":\"ListItem\",\"position\":1,\"name\":\"Portada\",\"item\":\"https:\/\/metamorfica.info\/\"},{\"@type\":\"ListItem\",\"position\":2,\"name\":\"Libros\"}]},{\"@type\":\"WebSite\",\"@id\":\"https:\/\/metamorfica.info\/#website\",\"url\":\"https:\/\/metamorfica.info\/\",\"name\":\"Metam\u00f3rfica\",\"description\":\"\u00bfSabremos adaptarnos a los cambios de nuestro planeta?\",\"publisher\":{\"@id\":\"https:\/\/metamorfica.info\/#\/schema\/person\/80b1d759d3d5c01d4073b6a361fde0d4\"},\"potentialAction\":[{\"@type\":\"SearchAction\",\"target\":{\"@type\":\"EntryPoint\",\"urlTemplate\":\"https:\/\/metamorfica.info\/?s={search_term_string}\"},\"query-input\":{\"@type\":\"PropertyValueSpecification\",\"valueRequired\":true,\"valueName\":\"search_term_string\"}}],\"inLanguage\":\"es\"},{\"@type\":[\"Person\",\"Organization\"],\"@id\":\"https:\/\/metamorfica.info\/#\/schema\/person\/80b1d759d3d5c01d4073b6a361fde0d4\",\"name\":\"Carolina\",\"image\":{\"@type\":\"ImageObject\",\"inLanguage\":\"es\",\"@id\":\"https:\/\/metamorfica.info\/#\/schema\/person\/image\/\",\"url\":\"https:\/\/metamorfica.info\/wp-content\/uploads\/2021\/03\/MetamoI\u0081rfica-Home.png\",\"contentUrl\":\"https:\/\/metamorfica.info\/wp-content\/uploads\/2021\/03\/MetamoI\u0081rfica-Home.png\",\"width\":1064,\"height\":454,\"caption\":\"Carolina\"},\"logo\":{\"@id\":\"https:\/\/metamorfica.info\/#\/schema\/person\/image\/\"},\"description\":\"Educadora ambiental que descubri\u00f3 que ning\u00fan cambio es perdurable si no se inicia desde la coherencia entre pensamiento-palabra-emoci\u00f3n-accion.\",\"sameAs\":[\"http:\/\/www.metamorfica.info\",\"https:\/\/x.com\/Carolinametamorfica\"]}]}<\/script>\n<!-- \/ Yoast SEO plugin. -->","yoast_head_json":{"title":"Libros - Metam\u00f3rfica","robots":{"index":"index","follow":"follow","max-snippet":"max-snippet:-1","max-image-preview":"max-image-preview:large","max-video-preview":"max-video-preview:-1"},"canonical":"https:\/\/metamorfica.info\/index.php\/libros\/","og_locale":"es_ES","og_type":"article","og_title":"Libros - Metam\u00f3rfica","og_url":"https:\/\/metamorfica.info\/index.php\/libros\/","og_site_name":"Metam\u00f3rfica","article_modified_time":"2025-01-21T13:39:10+00:00","twitter_card":"summary_large_image","twitter_site":"@Carolinametamorfica","twitter_misc":{"Tiempo de lectura":"1 minuto"},"schema":{"@context":"https:\/\/schema.org","@graph":[{"@type":"WebPage","@id":"https:\/\/metamorfica.info\/index.php\/libros\/","url":"https:\/\/metamorfica.info\/index.php\/libros\/","name":"Libros - Metam\u00f3rfica","isPartOf":{"@id":"https:\/\/metamorfica.info\/#website"},"datePublished":"2021-09-28T17:16:03+00:00","dateModified":"2025-01-21T13:39:10+00:00","breadcrumb":{"@id":"https:\/\/metamorfica.info\/index.php\/libros\/#breadcrumb"},"inLanguage":"es","potentialAction":[{"@type":"ReadAction","target":["https:\/\/metamorfica.info\/index.php\/libros\/"]}]},{"@type":"BreadcrumbList","@id":"https:\/\/metamorfica.info\/index.php\/libros\/#breadcrumb","itemListElement":[{"@type":"ListItem","position":1,"name":"Portada","item":"https:\/\/metamorfica.info\/"},{"@type":"ListItem","position":2,"name":"Libros"}]},{"@type":"WebSite","@id":"https:\/\/metamorfica.info\/#website","url":"https:\/\/metamorfica.info\/","name":"Metam\u00f3rfica","description":"\u00bfSabremos adaptarnos a los cambios de nuestro planeta?","publisher":{"@id":"https:\/\/metamorfica.info\/#\/schema\/person\/80b1d759d3d5c01d4073b6a361fde0d4"},"potentialAction":[{"@type":"SearchAction","target":{"@type":"EntryPoint","urlTemplate":"https:\/\/metamorfica.info\/?s={search_term_string}"},"query-input":{"@type":"PropertyValueSpecification","valueRequired":true,"valueName":"search_term_string"}}],"inLanguage":"es"},{"@type":["Person","Organization"],"@id":"https:\/\/metamorfica.info\/#\/schema\/person\/80b1d759d3d5c01d4073b6a361fde0d4","name":"Carolina","image":{"@type":"ImageObject","inLanguage":"es","@id":"https:\/\/metamorfica.info\/#\/schema\/person\/image\/","url":"https:\/\/metamorfica.info\/wp-content\/uploads\/2021\/03\/MetamoI\u0081rfica-Home.png","contentUrl":"https:\/\/metamorfica.info\/wp-content\/uploads\/2021\/03\/MetamoI\u0081rfica-Home.png","width":1064,"height":454,"caption":"Carolina"},"logo":{"@id":"https:\/\/metamorfica.info\/#\/schema\/person\/image\/"},"description":"Educadora ambiental que descubri\u00f3 que ning\u00fan cambio es perdurable si no se inicia desde la coherencia entre pensamiento-palabra-emoci\u00f3n-accion.","sameAs":["http:\/\/www.metamorfica.info","https:\/\/x.com\/Carolinametamorfica"]}]}},"_links":{"self":[{"href":"https:\/\/metamorfica.info\/index.php\/wp-json\/wp\/v2\/pages\/6135","targetHints":{"allow":["GET"]}}],"collection":[{"href":"https:\/\/metamorfica.info\/index.php\/wp-json\/wp\/v2\/pages"}],"about":[{"href":"https:\/\/metamorfica.info\/index.php\/wp-json\/wp\/v2\/types\/page"}],"author":[{"embeddable":true,"href":"https:\/\/metamorfica.info\/index.php\/wp-json\/wp\/v2\/users\/2"}],"replies":[{"embeddable":true,"href":"https:\/\/metamorfica.info\/index.php\/wp-json\/wp\/v2\/comments?post=6135"}],"version-history":[{"count":5,"href":"https:\/\/metamorfica.info\/index.php\/wp-json\/wp\/v2\/pages\/6135\/revisions"}],"predecessor-version":[{"id":7120,"href":"https:\/\/metamorfica.info\/index.php\/wp-json\/wp\/v2\/pages\/6135\/revisions\/7120"}],"wp:attachment":[{"href":"https:\/\/metamorfica.info\/index.php\/wp-json\/wp\/v2\/media?parent=6135"}],"curies":[{"name":"wp","href":"https:\/\/api.w.org\/{rel}","templated":true}]}}